{"id":471,"date":"2019-03-01T17:03:40","date_gmt":"2019-03-01T16:03:40","guid":{"rendered":"https:\/\/www.festivaldeceramique.com\/?page_id=471"},"modified":"2021-02-05T11:55:37","modified_gmt":"2021-02-05T10:55:37","slug":"programme-2019","status":"publish","type":"page","link":"https:\/\/www.festivaldeceramique.com\/index.php\/editions-precedentes-2\/programme-2019\/","title":{"rendered":"Programme 2019"},"content":{"rendered":"<h5><a href=\"https:\/\/www.festivaldeceramique.com\/index.php\/editions-precedentes\/exposants-2019\/\">Voir les exposants 2019<\/a><\/h5>\n<h2>Programme 2019<\/h2>\n<p>&nbsp;<\/p>\n<h5 style=\"text-align: justify;\"><span style=\"color: #333333;\"><strong>Rencontrer la c\u00e9ramique ? Un instant pr\u00e9cieux \u00e0 savourer en pr\u00e9sence&nbsp;de 36 artistes de la terre. Partager un caf\u00e9, un th\u00e9, modeler l\u2019argile,&nbsp;s\u2019\u00e9merveiller devant cet art mill\u00e9naire et contemporain, regarder un film,&nbsp;admirer des gravures, rencontrer l\u2019univers des c\u00e9ramistes\u2026<br \/>\nHaut les&nbsp;c\u0153urs, ces instants sont \u00e0 vous !<\/strong><\/span><\/h5>\n<p>&nbsp;<\/p>\n<div class=\"colExposants\">\n<h3 style=\"text-align: left;\">La c\u00e9ramique aujourd\u2019hui<\/h3>\n<p style=\"text-align: left;\"><strong>L\u2019expression c\u00e9ramique est vaste<\/strong><br \/>\n<strong> et le Festival de C\u00e9ramique du 11\u00e8me<\/strong><br \/>\n<strong> s\u2019attache \u00e0 mettre en lumi\u00e8re<\/strong><br \/>\n<strong> cette diversit\u00e9 d\u2019influences<\/strong><br \/>\n<strong> et l\u2019\u00e9clectisme de ces formes,<\/strong><br \/>\n<strong> \u00e0 mi-chemin entre histoire populaire<\/strong><br \/>\n<strong> et cr\u00e9ation contemporaine.<\/strong><\/p>\n<h3>Vernissage<\/h3>\n<p><strong>le jeudi 11 avril 2019<\/strong><br \/>\n<strong>de 18h00 \u00e0 21h00<\/strong><br \/>\nUn moment chaleureux organis\u00e9<br \/>\nen partenariat avec la Marie du 11e.<br \/>\nLe Festival de C\u00e9ramique du 11e<br \/>\ntransforme la vaste salle Olympe<br \/>\nde Gouges en un espace aux<br \/>\nmerveilles, celles fa\u00e7onn\u00e9es et<br \/>\npr\u00e9sent\u00e9es par les 36 c\u00e9ramistes<br \/>\ninvit\u00e9s.<\/p>\n<h3>L\u2019\u00e9dition 2019\u2026<\/h3>\n<p>\u2026 offre la vedette \u00e0 l\u2019\u00e9clectisme<br \/>\nde l\u2019expression c\u00e9ramique. Qu\u2019il<br \/>\nsoit empli d\u2019humour par les mains<br \/>\nde <strong>Sophie Mackeith<\/strong>, d\u2019une flore<br \/>\nsubtilement color\u00e9e d\u2019<strong>\u00c9lise Lefevbre<\/strong>,<br \/>\nde d\u00e9licats motifs de <strong>Yuko Kuramatsu<\/strong><br \/>\nou encore d\u2019un message engag\u00e9<br \/>\ntraduit habilement par <strong>Maho<\/strong><br \/>\n<strong>Nakamura<\/strong>\u2026<\/p>\n<figure style=\"width: 130px\" class=\"wp-caption alignnone\"><img loading=\"lazy\" decoding=\"async\" src=\"https:\/\/www.festivaldeceramique.com\/wp-content\/uploads\/2019\/03\/elise-lefebvre.png\" alt=\"\" width=\"130\" height=\"123\"><figcaption class=\"wp-caption-text\">\u00c9lise Lefebvre<\/figcaption><\/figure>\n<figure style=\"width: 148px\" class=\"wp-caption alignnone\"><img loading=\"lazy\" decoding=\"async\" src=\"https:\/\/www.festivaldeceramique.com\/wp-content\/uploads\/2019\/03\/mathilde-le-mancque.jpg\" alt=\"\" width=\"148\" height=\"111\"><figcaption class=\"wp-caption-text\">Mathilde Le Mancque<\/figcaption><\/figure>\n<div class=\"mceTemp\"><\/div>\n<figure style=\"width: 164px\" class=\"wp-caption alignnone\"><img loading=\"lazy\" decoding=\"async\" src=\"https:\/\/www.festivaldeceramique.com\/wp-content\/uploads\/2019\/03\/benoit-audureau.jpg\" alt=\"\" width=\"164\" height=\"136\"><figcaption class=\"wp-caption-text\">Beno\u00eet Audureau<\/figcaption><\/figure>\n<figure style=\"width: 159px\" class=\"wp-caption alignnone\"><img loading=\"lazy\" decoding=\"async\" src=\"https:\/\/www.festivaldeceramique.com\/wp-content\/uploads\/2019\/03\/david-withehead-et-mia-jens.jpg\" alt=\"\" width=\"159\" height=\"106\"><figcaption class=\"wp-caption-text\">David Withehead et Mia Jens<\/figcaption><\/figure>\n<figure style=\"width: 166px\" class=\"wp-caption alignnone\"><img loading=\"lazy\" decoding=\"async\" src=\"https:\/\/www.festivaldeceramique.com\/wp-content\/uploads\/2019\/03\/yuko-kuramatsu.jpg\" alt=\"\" width=\"166\" height=\"111\"><figcaption class=\"wp-caption-text\">Yuko Kuramatsu<\/figcaption><\/figure>\n<figure style=\"width: 164px\" class=\"wp-caption alignnone\"><img loading=\"lazy\" decoding=\"async\" src=\"https:\/\/www.festivaldeceramique.com\/wp-content\/uploads\/2019\/03\/sophie-mackeith.jpg\" alt=\"\" width=\"164\" height=\"227\"><figcaption class=\"wp-caption-text\">Sophie Mackeith<\/figcaption><\/figure>\n<figure style=\"width: 192px\" class=\"wp-caption alignnone\"><img loading=\"lazy\" decoding=\"async\" src=\"https:\/\/www.festivaldeceramique.com\/wp-content\/uploads\/2019\/03\/brigitte-marionnaud.png\" alt=\"\" width=\"192\" height=\"185\"><figcaption class=\"wp-caption-text\">Brigitte Marionnaud<\/figcaption><\/figure>\n<h3>La part est belle<br \/>\npour les jeunes c\u00e9ramistes<\/h3>\n<p>Le festival de c\u00e9ramique du 11e<br \/>\nvous invite \u00e0 d\u00e9couvrir 11 jeunes<br \/>\nateliers : les c\u00e9ramiques incis\u00e9es<br \/>\ngraphiquement par <strong>Micka\u00ebl Maio<\/strong>,<br \/>\ncelles \u00e9maill\u00e9es de nuances par<br \/>\n<strong>\u00c9milie Brichard<\/strong>, ou sgraffit\u00e9es de<br \/>\nnoir par <strong>Soline P\u00e9ninon<\/strong> et tant<br \/>\nd\u2019autres \u00e0 d\u00e9couvrir&#8230;<\/p>\n<figure style=\"width: 176px\" class=\"wp-caption alignnone\"><img loading=\"lazy\" decoding=\"async\" src=\"https:\/\/www.festivaldeceramique.com\/wp-content\/uploads\/2019\/03\/mickael-maio.jpg\" alt=\"\" width=\"176\" height=\"193\"><figcaption class=\"wp-caption-text\">Mickael Maio<\/figcaption><\/figure>\n<figure style=\"width: 181px\" class=\"wp-caption alignnone\"><img loading=\"lazy\" decoding=\"async\" src=\"https:\/\/www.festivaldeceramique.com\/wp-content\/uploads\/2019\/03\/emilie-brichard.jpg\" alt=\"\" width=\"181\" height=\"226\"><figcaption class=\"wp-caption-text\">\u00c9milie Brichard<\/figcaption><\/figure>\n<figure style=\"width: 186px\" class=\"wp-caption alignnone\"><img loading=\"lazy\" decoding=\"async\" src=\"https:\/\/www.festivaldeceramique.com\/wp-content\/uploads\/2019\/03\/soline-peninon.jpg\" alt=\"\" width=\"186\" height=\"112\"><figcaption class=\"wp-caption-text\">Soline Peninon<\/figcaption><\/figure>\n<h3>Le Festival cr\u00e9ateur de vocation !<\/h3>\n<p>En 2019, l\u2019association Terramicales<br \/>\naccueille le <strong>lyc\u00e9e du Gu\u00e9 \u00e0 Tresmes<\/strong>.<br \/>\nUne convention de partenariat<br \/>\nest sign\u00e9e avec l\u2019\u00e9tablissement.<br \/>\nPlusieurs actions sont propos\u00e9es aux<br \/>\n\u00e9tudiants afin de faire comprendre<br \/>\naux \u00e9l\u00e8ves les enjeux du m\u00e9tier de<br \/>\nc\u00e9ramiste. Notamment, la cr\u00e9ation<br \/>\nde tasses au logo du festival qui<br \/>\nseront vendues au caf\u00e9 Terramicales.<br \/>\nLes \u00e9l\u00e8ves sensibilis\u00e9s au monde<br \/>\nprofessionnel vous accompagneront<br \/>\nlors de votre visite.<\/p>\n<\/div>\n<div class=\"colExposants\">\n<p><img loading=\"lazy\" decoding=\"async\" src=\"https:\/\/www.festivaldeceramique.com\/wp-content\/uploads\/2019\/03\/anne-sophie-gilloen.jpg\" alt=\"\" width=\"165\" height=\"234\"><\/p>\n<h3>Exposition \u2013 C\u00e9ramique<\/h3>\n<p><strong>Anne-Sophie Gilloen<\/strong><br \/>\nLe festival donne carte blanche<br \/>\n\u00e0 Anne Sophie Gilloen pour investir<br \/>\nl\u2019espace central de la petite salle.<br \/>\nAu fil des ann\u00e9es Anne Sophie s\u2019est<br \/>\nexerc\u00e9e \u00e0 diff\u00e9rentes techniques.<br \/>\nElle aime particuli\u00e8rement le travail<br \/>\naux colombins qui lui donne le<br \/>\ntemps, telle une lente musique, de<br \/>\nvoir na\u00eetre ses personnages. Ses<br \/>\nsculptures sont r\u00e9alis\u00e9es en gr\u00e8s<br \/>\nfinement chamott\u00e9, color\u00e9 par de<br \/>\nsubtils engobes. Ses inspirations ce<br \/>\nsont \u00ab les petits rien \u00bb sur lesquels<br \/>\nelle prend le temps de s\u2019arr\u00eater.<br \/>\nElle aime les observer, les d\u00e9tailler,<br \/>\nparfois les placer dans un contexte<br \/>\nd\u00e9cal\u00e9. C\u2019est ainsi qu\u2019elle nous<br \/>\ndonne \u00e0 voir un monde po\u00e9tique qui<br \/>\nnous renvoi \u00e0 nos \u00e9motions les plus<br \/>\nintimes.<\/p>\n<p>&nbsp;<\/p>\n<p><img loading=\"lazy\" decoding=\"async\" src=\"https:\/\/www.festivaldeceramique.com\/wp-content\/uploads\/2019\/03\/eric-hibelot-gravures.jpg\" alt=\"\" width=\"162\" height=\"243\"><\/p>\n<h3>Exposition &#8211; Gravures<\/h3>\n<p><strong>\u00c9ric Hibelot<\/strong><br \/>\nAvez-vous dit Variations<br \/>\nGraphiques ? Assur\u00e9ment cela sera<br \/>\nteint\u00e9 de bleu. Bleu en r\u00e9sonance<br \/>\naux c\u00e9ramiques d\u2019\u00c9ric Hibelot dont<br \/>\nle d\u00e9cor graphique est le jeu favori.<br \/>\nCeci est une m\u00eame cuisine, celle<br \/>\no\u00f9 se cr\u00e9er un univers \u00e0 l\u2019\u00e9quilibre<br \/>\ngraphique bleut\u00e9 dont la ponctuation<br \/>\nest de jaune et d\u2019orange.<br \/>\n\u00c9ric Hibelot &#8211; 06 81 35 60 66<\/p>\n<p><img loading=\"lazy\" decoding=\"async\" src=\"https:\/\/www.festivaldeceramique.com\/wp-content\/uploads\/2019\/03\/atelier-enfants.jpg\" alt=\"\" width=\"163\" height=\"113\"><\/p>\n<h3>Atelier Enfants<\/h3>\n<p><strong>Samedi et dimanche de 14h \u00e0 17h<\/strong>.<br \/>\nLes enfants pourront mettre<br \/>\nles mains dans la terre et s\u2019essayer<br \/>\nau modelage lors de l\u2019atelier anim\u00e9<br \/>\npar Elise Kastner samedi et dimanche<br \/>\napr\u00e8s midi, sur l\u2019esplanade ext\u00e9rieure.<br \/>\nCette animation est ouverte au<br \/>\npublic visiteur.<\/p>\n<p><img decoding=\"async\" src=\"https:\/\/www.festivaldeceramique.com\/wp-content\/uploads\/2019\/03\/action-terramicale-ecole-300x200.jpg\" alt=\"\" width=\"300\"><\/p>\n<h3>Action Terramicales<\/h3>\n<p>Avec l\u2019<strong>\u00e9cole primaire de la rue<\/strong><br \/>\n<strong> Godefroy Cavaignac<\/strong> &#8211; Paris 11<sup>\u00e8me<\/sup> &#8211;<br \/>\nle Festival m\u00e8nera une action de<br \/>\nsensibilisation \u00e0 la c\u00e9ramique :<br \/>\nune d\u00e9couverte de l\u2019exposition<br \/>\net un atelier de modelage qui<br \/>\naura lieu le vendredi 12 avril. Les<br \/>\nenfants pourront r\u00e9cup\u00e9rer leurs<br \/>\ncr\u00e9ations cuites par une c\u00e9ramiste.<br \/>\nCette prestation est offerte par<br \/>\nl\u2019association Terramicales. Merci<br \/>\n\u00e0 l\u2019entreprise Ceradel et au centre<br \/>\nanimation Mercoeur Paris 11e<br \/>\npour leur contribution.<\/p>\n<h3>Tombola<\/h3>\n<p><strong>Le Festival Solidaire<\/strong><br \/>\nAchetez vos billets aupr\u00e8s d\u2019un<br \/>\nde nos b\u00e9n\u00e9voles, votez pour la<br \/>\nc\u00e9ramique de votre choix et si votre<br \/>\nticket est tir\u00e9 au sort, gagnez la pi\u00e8ce<br \/>\npour laquelle vous avez vot\u00e9 ! Une<br \/>\npartie des b\u00e9n\u00e9fices de la tombola<br \/>\nsera vers\u00e9e au Refuge Solidaire de<br \/>\nBrian\u00e7on, association qui recueille<br \/>\net aide les migrants arrivant d\u2019Italie.<br \/>\nTerramicales soutien le collectif<br \/>\n\u00ab C\u00e9ramistes pour les r\u00e9fugi\u00e9s \u00bb<br \/>\nqui propose sur sa page Facebook<br \/>\ndes ventes aux ench\u00e8res de pi\u00e8ces<br \/>\nen c\u00e9ramique au profit d\u2019associations<br \/>\nvenant en aide aux personnes<br \/>\nen exil dont le Refuge Solidaire<br \/>\nde Brian\u00e7on.<\/p>\n<p><img loading=\"lazy\" decoding=\"async\" src=\"https:\/\/www.festivaldeceramique.com\/wp-content\/uploads\/2019\/03\/cafe-terramicales.jpg\" alt=\"\" width=\"162\" height=\"167\"><\/p>\n<h3>Caf\u00e9 Terramicales<\/h3>\n<p>Terramicales vous propose<br \/>\nun espace pour boire un caf\u00e9 ou<br \/>\nun th\u00e9, dans le patio de la salle<br \/>\nOlympe de Gouges. Un moment<br \/>\nconvivial autour de la c\u00e9ramique.<\/p>\n<h3>Projections de films<\/h3>\n<p><strong>S\u00e9lection Terramicales<\/strong><br \/>\nProjection le vendredi, samedi<br \/>\net dimanche \u00e0 12h et \u00e0 16h<br \/>\ndans la salle situ\u00e9e au niveau<br \/>\nentresol, acc\u00e8s par l\u2019escalier<br \/>\nuniquement.<\/p>\n<p><em>L\u2019association Terramicales organisatrice<\/em><br \/>\n<em>du festival depuis 2007 est aid\u00e9e par<\/em><br \/>\n<em>des stagiaires et \u00e9l\u00e8ves b\u00e9n\u00e9voles du lyc\u00e9e<\/em><br \/>\n<em>du Gu\u00e9 \u00e0 Tresmes et des \u00e9coles Duperr\u00e9,<\/em><br \/>\n<em>DMA S\u00e8vres, CNIFOP, de l\u2019association Paris<\/em><br \/>\n<em>Ateliers et d\u2019autres ateliers c\u00e9ramiques.<\/em><br \/>\n<em>Un grand merci \u00e0 eux.<\/em><\/p>\n<\/div>\n","protected":false},"excerpt":{"rendered":"<div class=\"mh-excerpt\"><p>Voir les exposants 2019 Programme 2019 &nbsp; Rencontrer la c\u00e9ramique ? Un instant pr\u00e9cieux \u00e0 savourer en pr\u00e9sence&nbsp;de 36 artistes de la terre. Partager un <a class=\"mh-excerpt-more\" href=\"https:\/\/www.festivaldeceramique.com\/index.php\/editions-precedentes-2\/programme-2019\/\" title=\"Programme 2019\">[&#8230;]<\/a><\/p>\n<\/div>","protected":false},"author":1,"featured_media":0,"parent":1018,"menu_order":0,"comment_status":"closed","ping_status":"closed","template":"","meta":{"footnotes":""},"class_list":["post-471","page","type-page","status-publish","hentry"],"_links":{"self":[{"href":"https:\/\/www.festivaldeceramique.com\/index.php\/wp-json\/wp\/v2\/pages\/471","targetHints":{"allow":["GET"]}}],"collection":[{"href":"https:\/\/www.festivaldeceramique.com\/index.php\/wp-json\/wp\/v2\/pages"}],"about":[{"href":"https:\/\/www.festivaldeceramique.com\/index.php\/wp-json\/wp\/v2\/types\/page"}],"author":[{"embeddable":true,"href":"https:\/\/www.festivaldeceramique.com\/index.php\/wp-json\/wp\/v2\/users\/1"}],"replies":[{"embeddable":true,"href":"https:\/\/www.festivaldeceramique.com\/index.php\/wp-json\/wp\/v2\/comments?post=471"}],"version-history":[{"count":25,"href":"https:\/\/www.festivaldeceramique.com\/index.php\/wp-json\/wp\/v2\/pages\/471\/revisions"}],"predecessor-version":[{"id":1113,"href":"https:\/\/www.festivaldeceramique.com\/index.php\/wp-json\/wp\/v2\/pages\/471\/revisions\/1113"}],"up":[{"embeddable":true,"href":"https:\/\/www.festivaldeceramique.com\/index.php\/wp-json\/wp\/v2\/pages\/1018"}],"wp:attachment":[{"href":"https:\/\/www.festivaldeceramique.com\/index.php\/wp-json\/wp\/v2\/media?parent=471"}],"curies":[{"name":"wp","href":"https:\/\/api.w.org\/{rel}","templated":true}]}}