{"id":458,"date":"2019-02-28T16:43:03","date_gmt":"2019-02-28T15:43:03","guid":{"rendered":"https:\/\/www.festivaldeceramique.com\/?page_id=458"},"modified":"2021-02-05T11:55:55","modified_gmt":"2021-02-05T10:55:55","slug":"exposants-2019","status":"publish","type":"page","link":"https:\/\/www.festivaldeceramique.com\/index.php\/editions-precedentes-2\/exposants-2019\/","title":{"rendered":"Exposants 2019"},"content":{"rendered":"<h5><a href=\"https:\/\/www.festivaldeceramique.com\/index.php\/programme-2019\/\">Voir le programme 2019<\/a><\/h5>\n<h3>Liste des exposants 2019<\/h3>\n<div class=\"colExposants\"><strong>3 <a href=\"https:\/\/www.festivaldeceramique.com\/wp-content\/uploads\/2019\/07\/3-acquart.jpg\" rel=\"lightbox\">Acquart-Gensollen Fanny<\/a><\/strong><br \/>\n<span style=\"color: #333333;\">3 rue Charles Weiss &#8211; 75015 Paris<\/span><br \/>\n<span style=\"color: #333333;\"> 01 45 32 62 60<\/span><br \/>\n<span style=\"color: #333333;\"> <a style=\"color: #333333;\" href=\"http:\/\/www.fannyacquartgensollen.com\" target=\"_blank\" rel=\"noopener noreferrer\">www.fannyacquartgensollen.com<\/a><\/span><br \/>\n<strong>8 <a href=\"https:\/\/www.festivaldeceramique.com\/wp-content\/uploads\/2019\/07\/8-audureau.jpg\">Audureau Beno\u00eet&nbsp;<\/a><\/strong><br \/>\n<span style=\"color: #333333;\">Les Molons &#8211; 49310 Le Voide<\/span><br \/>\n<span style=\"color: #333333;\"> 06 22 12 81 67<\/span><br \/>\n<span style=\"color: #333333;\"> <a style=\"color: #333333;\" href=\"mailto:benoit.audureau.potier@gmail.com\">benoit.audureau.potier@gmail.com<\/a><\/span><br \/>\n<strong>1 <a href=\"https:\/\/www.festivaldeceramique.com\/wp-content\/uploads\/2019\/07\/1-berthod.jpg\" rel=\"lightbox\">Berthod Marjolaine<\/a><\/strong><br \/>\n<span style=\"color: #333333;\">20 Av Augustin Dumont &#8211; 92240 Malakoff<\/span><br \/>\n<span style=\"color: #333333;\"> 06 30 96 35 50<\/span><br \/>\n<span style=\"color: #333333;\"> <a style=\"color: #333333;\" href=\"http:\/\/www.marjolaineberthod.com\" target=\"_blank\" rel=\"noopener noreferrer\">www.marjolaineberthod.com<\/a><\/span><br \/>\n<strong>14 <a href=\"https:\/\/www.festivaldeceramique.com\/wp-content\/uploads\/2019\/07\/14-brichard.jpg\">Brichard \u00c9milie<\/a><\/strong><br \/>\n<span style=\"color: #333333;\">10 rue du Gal Leclerc &#8211; 42100 Saint-\u00c9tienne<\/span><br \/>\n<span style=\"color: #333333;\"> 06 22 30 66 89<\/span><br \/>\n<span style=\"color: #333333;\"> <a style=\"color: #333333;\" href=\"mailto:malolatelier@gmail.com\">malolatelier@gmail.com<\/a><\/span><br \/>\n<strong>26 <a href=\"https:\/\/www.festivaldeceramique.com\/wp-content\/uploads\/2019\/07\/26-casseau.jpg\">Casseau Mathieu<\/a><\/strong><br \/>\n<span style=\"color: #333333;\">61 rue Jean Tanguy &#8211; 29100 Douarnenez<\/span><br \/>\n<span style=\"color: #333333;\"> 06 71 47 48 04<\/span><br \/>\n<span style=\"color: #333333;\"> <a style=\"color: #333333;\" href=\"mailto:mathieu.casseau@laposte.net\">mathieu.casseau@laposte.net<\/a><\/span><br \/>\n<strong>2 <a href=\"https:\/\/www.festivaldeceramique.com\/wp-content\/uploads\/2019\/07\/2-cavey.jpg\">Cavey Daniel<\/a><\/strong><br \/>\n<span style=\"color: #333333;\">Contrada Bagnoli 16<\/span><br \/>\n<span style=\"color: #333333;\"> 83100 Avellino &#8211; Italie<\/span><br \/>\n<span style=\"color: #333333;\"> 39 3203423094<\/span><br \/>\n<span style=\"color: #333333;\"> <a style=\"color: #333333;\" href=\"mailto:danielcavey@hotmail.com\">danielcavey@hotmail.com<\/a><\/span><br \/>\n<strong>4 <a href=\"https:\/\/www.festivaldeceramique.com\/wp-content\/uploads\/2019\/07\/4-michel-cohen.jpg\">Cohen Michel<\/a><\/strong><br \/>\n<span style=\"color: #333333;\">La Plaine &#8211; 05140 Aspremont<\/span><br \/>\n<span style=\"color: #333333;\"> 04 92 58 70 01<\/span><br \/>\n<span style=\"color: #333333;\"> <a style=\"color: #333333;\" href=\"mailto:michel.cohen.ceramiste@orange.fr\">michel.cohen.ceramiste@orange.fr<\/a><\/span><br \/>\n<strong>22 <a href=\"https:\/\/www.festivaldeceramique.com\/wp-content\/uploads\/2019\/07\/22-crulis.jpg\">Crulis Patrick<\/a><\/strong><br \/>\n<span style=\"color: #333333;\">Les Archers &#8211; 18170 Le Chatelet<\/span><br \/>\n<span style=\"color: #333333;\"> 02 48 56 27 88<\/span><br \/>\n<span style=\"color: #333333;\"> <a style=\"color: #333333;\" href=\"http:\/\/www.crulisceramique.com\" target=\"_blank\" rel=\"noopener noreferrer\">www.crulisceramique.com<\/a><\/span><br \/>\n<strong>6 <a href=\"https:\/\/www.festivaldeceramique.com\/wp-content\/uploads\/2019\/07\/6-delphaut.jpg\">Delphaut Sylvie<\/a><\/strong><br \/>\n<span style=\"color: #333333;\">15 rue No\u00ebl Ballay &#8211; 31400 Toulouse<\/span><br \/>\n<span style=\"color: #333333;\"> 05 61 52 86 99<\/span><br \/>\n<span style=\"color: #333333;\"> <a style=\"color: #333333;\" href=\"http:\/\/www.sylvie.delphaut.com\" target=\"_blank\" rel=\"noopener noreferrer\">www.sylvie.delphaut.com<\/a><\/span><br \/>\n<strong>30 <a href=\"https:\/\/www.festivaldeceramique.com\/wp-content\/uploads\/2019\/07\/30-devillard.jpg\">Devillard Claude<\/a><\/strong><br \/>\n<span style=\"color: #333333;\">31 chemin des Ramiers &#8211; 31700 Blagnac<\/span><br \/>\n<span style=\"color: #333333;\"> 06 04 41 88 12<\/span><br \/>\n<span style=\"color: #333333;\"> <a style=\"color: #333333;\" href=\"http:\/\/www.claudedevillardceramique.com\" target=\"_blank\" rel=\"noopener noreferrer\">www.claudedevillardceramique.com<\/a><\/span><br \/>\n<strong>23 <a href=\"https:\/\/www.festivaldeceramique.com\/wp-content\/uploads\/2019\/07\/23-fondimare.jpg\">Fondimare Jean-Marc<\/a><\/strong><br \/>\n<span style=\"color: #333333;\">12 route des Moreaux<\/span><br \/>\n<span style=\"color: #333333;\"> 58310 Saint-Amand-en-Puisaye<\/span><br \/>\n<span style=\"color: #333333;\"> 06 60 72 11 54<\/span><br \/>\n<span style=\"color: #333333;\"> <a style=\"color: #333333;\" href=\"http:\/\/www.latelierdesgarcons.com\" target=\"_blank\" rel=\"noopener noreferrer\">www.latelierdesgarcons.com<\/a><\/span><br \/>\n<strong>25 <a href=\"https:\/\/www.festivaldeceramique.com\/wp-content\/uploads\/2019\/07\/25-gauthier.jpg\">Gauthier Tiffany<\/a><\/strong><br \/>\n<span style=\"color: #333333;\">3 bis rue de la Robini\u00e8re<\/span><br \/>\n<span style=\"color: #333333;\"> 49290 Chalonnes-sur-Loire<\/span><br \/>\n<span style=\"color: #333333;\"> 06 70 89 44 55<\/span><br \/>\n<span style=\"color: #333333;\"><a style=\"color: #333333;\" href=\"http:\/\/www.touterre.com\/ceramistes\/presentation-des-ceramistes\/gauthier-tiffany\" target=\"_blank\" rel=\"noopener noreferrer\">touterre.com\/ceramistes\/presentation-des-ceramistes\/gauthier-tiffany<\/a><\/span><br \/>\n<strong>9 <a href=\"https:\/\/www.festivaldeceramique.com\/wp-content\/uploads\/2019\/07\/9-gerard.jpg\">G\u00e9rard Julia<\/a><\/strong><br \/>\n<span style=\"color: #333333;\">5 rue du Creux Chemin<\/span><br \/>\n<span style=\"color: #333333;\"> 49700 Deneze-sous-Dou\u00e9<\/span><br \/>\n<span style=\"color: #333333;\"> 06 98 46 32 34<\/span><br \/>\n<span style=\"color: #333333;\"> <a style=\"color: #333333;\" href=\"http:\/\/www.juliagerard.wixsite.com\/juliagerard\" target=\"_blank\" rel=\"noopener noreferrer\">www.juliagerard.wixsite.com\/juliagerard<\/a><\/span><br \/>\n<strong>1 <a href=\"https:\/\/www.festivaldeceramique.com\/wp-content\/uploads\/2019\/07\/1-gilles.jpg\">Gilles Fabienne<\/a><\/strong><br \/>\n<span style=\"color: #333333;\">81 rue Condorcet, 93100 Montreuil<\/span><br \/>\n<span style=\"color: #333333;\"> 06 14 76 93 31<\/span><br \/>\n<span style=\"color: #333333;\"> <a style=\"color: #333333;\" href=\"http:\/\/fabiennegilles.fr\" target=\"_blank\" rel=\"noopener noreferrer\">http:\/\/fabiennegilles.fr<\/a><\/span><br \/>\n<strong>32 <a href=\"https:\/\/www.festivaldeceramique.com\/wp-content\/uploads\/2019\/07\/9-gilloen.jpg\">Gilloen Anne-Sophie<\/a><\/strong><br \/>\n<span style=\"color: #333333;\">744 route de M\u00e9teren &#8211; 59270 Bailleul<\/span><br \/>\n<span style=\"color: #333333;\"> 06 30 24 15 76<\/span><br \/>\n<span style=\"color: #333333;\"> <a style=\"color: #333333;\" href=\"http:\/\/www.annesophiegilloen.com\" target=\"_blank\" rel=\"noopener noreferrer\">www.annesophiegilloen.com<\/a><\/span><br \/>\n<strong>21 <a href=\"https:\/\/www.festivaldeceramique.com\/wp-content\/uploads\/2019\/07\/21-hirson.jpg\">Hirson J\u00e9r\u00f4me<\/a><\/strong><br \/>\n<span style=\"color: #333333;\">La Caudi\u00e8re &#8211; 37800 Pussigny<\/span><br \/>\n<span style=\"color: #333333;\"> 06 08 21 73 05<\/span><br \/>\n<span style=\"color: #333333;\"> <a style=\"color: #333333;\" href=\"http:\/\/www.jeromehirson.com\" target=\"_blank\" rel=\"noopener noreferrer\">www.jeromehirson.com<\/a><\/span><br \/>\n<strong>24 <a href=\"https:\/\/www.festivaldeceramique.com\/wp-content\/uploads\/2019\/07\/24-jense-whitehead.jpg\">Jensen Mia<\/a><\/strong><br \/>\n<span style=\"color: #333333;\">Le Point du Jour &#8211; 18250 Henrichemont<\/span><br \/>\n<span style=\"color: #333333;\"> 02 48 26 17 80<\/span><br \/>\n<span style=\"color: #333333;\"> <a style=\"color: #333333;\" href=\"http:\/\/www.laborne.org\/fr\/david-whitehead\" target=\"_blank\" rel=\"noopener noreferrer\">www.laborne.org\/fr\/david-whitehead<\/a><\/span><br \/>\n<strong>7 <a href=\"https:\/\/www.festivaldeceramique.com\/wp-content\/uploads\/2019\/07\/9-kuramatsu.jpg\">Kuramatsu Yuko<\/a><\/strong><br \/>\n<span style=\"color: #333333;\">36 Bd Georges Cl\u00e9menceau &#8211; 86000 Poitiers<\/span><br \/>\n<span style=\"color: #333333;\"> 06 18 79 18 04<\/span><br \/>\n<span style=\"color: #333333;\"> <a style=\"color: #333333;\" href=\"http:\/\/www.yukokuramatsu.com\" target=\"_blank\" rel=\"noopener noreferrer\">www.yukokuramatsu.com<\/a><\/span><br \/>\n<strong>5 <a href=\"https:\/\/www.festivaldeceramique.com\/wp-content\/uploads\/2019\/07\/5-lemancq.jpg\">Le Mancq Mathilde<\/a><\/strong><br \/>\n<span style=\"color: #333333;\">3 rue Fosse Coupe, 61270 Rai<\/span><br \/>\n<span style=\"color: #333333;\"> 06 89 71 51 25<\/span><br \/>\n<span style=\"color: #333333;\"> <a style=\"color: #333333;\" href=\"http:\/\/www.mathildelemancq.com\" target=\"_blank\" rel=\"noopener noreferrer\">www.mathildelemancq.com<\/a><\/span><br \/>\n<strong>16 <a href=\"https:\/\/www.festivaldeceramique.com\/wp-content\/uploads\/2019\/07\/16-lefebvre.jpg\">Lefebvre \u00c9lise<\/a><\/strong><br \/>\n<span style=\"color: #333333;\">68 rue Victor Thuillat &#8211; 87100 Limoges<\/span><br \/>\n<span style=\"color: #333333;\"> 06 85 06 66 94<\/span><br \/>\n<span style=\"color: #333333;\"> <a style=\"color: #333333;\" href=\"http:\/\/www.elise-ceramique.com\" target=\"_blank\" rel=\"noopener noreferrer\">www.elise-ceramique.com<\/a><\/span><\/div>\n<div class=\"colExposants\"><strong>13 <a href=\"https:\/\/www.festivaldeceramique.com\/wp-content\/uploads\/2019\/07\/13-mackeith.jpg\">MacKeith Sophie<\/a><\/strong><br \/>\n<span style=\"color: #333333;\">2 ruelle des Anseuses<\/span><br \/>\n<span style=\"color: #333333;\"> 58310 Saint-Amand-en-Puisaye<\/span><br \/>\n<span style=\"color: #333333;\"> 06 79 08 74 77<\/span><br \/>\n<span style=\"color: #333333;\"> <a style=\"color: #333333;\" href=\"http:\/\/www.facebook.com\/sophymackeithceramique\" target=\"_blank\" rel=\"noopener noreferrer\">facebook.com\/sophymackeithceramique<\/a><\/span><br \/>\n<strong>17 <a href=\"https:\/\/www.festivaldeceramique.com\/wp-content\/uploads\/2019\/07\/17-maio.jpg\">Ma\u00efo Micha\u00ebl<\/a><\/strong><br \/>\n<span style=\"color: #333333;\">10 rue Gabriel Peri<\/span><br \/>\n<span style=\"color: #333333;\"> 54110 Dombasle-sur-Meurthe<\/span><br \/>\n<span style=\"color: #333333;\"> 06 99 40 70 29<\/span><br \/>\n<span style=\"color: #333333;\"> <a style=\"color: #333333;\" href=\"http:\/\/www.michaelmaio.fr\" target=\"_blank\" rel=\"noopener noreferrer\">www.michaelmaio.fr<\/a><\/span><br \/>\n<strong>12 <a href=\"https:\/\/www.festivaldeceramique.com\/wp-content\/uploads\/2019\/07\/12-tollet-marfisi.jpg\">Marfisi Claire<\/a><\/strong><br \/>\n<span style=\"color: #333333;\">174 rue de la Jarry &#8211; 94300 Vincennes<\/span><br \/>\n<span style=\"color: #333333;\"> 06 03 12 87 31<\/span><br \/>\n<span style=\"color: #333333;\"> <a style=\"color: #333333;\" href=\"http:\/\/www.clairemarfisi.fr\" target=\"_blank\" rel=\"noopener noreferrer\">www.clairemarfisi.fr<\/a><\/span><br \/>\n<strong>15 <a href=\"https:\/\/www.festivaldeceramique.com\/wp-content\/uploads\/2019\/07\/15-marionneau.jpg\">Marionneau Brigitte<\/a><\/strong><br \/>\n<span style=\"color: #333333;\">21 route de Kerhu\u00e9 &#8211; 44350 Saint-Molf<\/span><br \/>\n<span style=\"color: #333333;\"> 06 69 98 84 70<\/span><br \/>\n<span style=\"color: #333333;\"> <a style=\"color: #333333;\" href=\"http:\/\/www.bmarionneau.fr\" target=\"_blank\" rel=\"noopener noreferrer\">www.bmarionneau.fr<\/a><\/span><br \/>\n<strong>19 <a href=\"https:\/\/www.festivaldeceramique.com\/wp-content\/uploads\/2019\/07\/19-sempe.jpg\">Masure Blandine<\/a><\/strong><br \/>\n<span style=\"color: #333333;\">27 rue Gabriel Peri &#8211; 26220 Dieulefit<\/span><br \/>\n<span style=\"color: #333333;\"> 06 03 49 23 83<\/span><br \/>\n<span style=\"color: #333333;\"> <a style=\"color: #333333;\" href=\"http:\/\/www.blandinemasure.blogspot.com\" target=\"_blank\" rel=\"noopener noreferrer\">www.blandinemasure.blogspot.com<\/a><\/span><br \/>\n<strong>31 <a href=\"https:\/\/www.festivaldeceramique.com\/wp-content\/uploads\/2019\/07\/31-mora.jpg\">Mora Marie<\/a><\/strong><br \/>\n<span style=\"color: #333333;\">643 route du Caillaud &#8211; 87170 Isle<\/span><br \/>\n<span style=\"color: #333333;\"> 06 79 70 63 06<\/span><br \/>\n<span style=\"color: #333333;\"> <a style=\"color: #333333;\" href=\"http:\/\/www.mariemora.com\" target=\"_blank\" rel=\"noopener noreferrer\">www.mariemora.com<\/a><\/span><br \/>\n<strong>11 <a href=\"https:\/\/www.festivaldeceramique.com\/wp-content\/uploads\/2019\/07\/11-nakamura.jpg\">Nakamura Maho<\/a><\/strong><br \/>\n<span style=\"color: #333333;\">98 rue Championnet -75018 Paris<\/span><br \/>\n<span style=\"color: #333333;\"> 06 20 30 78 23<\/span><br \/>\n<span style=\"color: #333333;\"> <a style=\"color: #333333;\" href=\"http:\/\/www.mahoceramics.blogspot.com\" target=\"_blank\" rel=\"noopener noreferrer\">www.mahoceramics.blogspot.com<\/a><\/span><br \/>\n<strong>18 <a href=\"https:\/\/www.festivaldeceramique.com\/wp-content\/uploads\/2019\/07\/18-ouhbi.jpg\">Ouhbi Linda<\/a><\/strong><br \/>\n<span style=\"color: #333333;\">56 Av Jean-Jaur\u00e8s &#8211; 93500 Pantin<\/span><br \/>\n<span style=\"color: #333333;\"> 06 10 56 27 60<\/span><br \/>\n<span style=\"color: #333333;\"> <a style=\"color: #333333;\" href=\"http:\/\/www.lindaouhbi.com\" target=\"_blank\" rel=\"noopener noreferrer\">www.lindaouhbi.com<\/a><\/span><br \/>\n<strong>28 <a href=\"https:\/\/www.festivaldeceramique.com\/wp-content\/uploads\/2019\/07\/28-peninon.jpg\">P\u00e9ninon Soline<\/a><\/strong><br \/>\n<span style=\"color: #333333;\">17 Grande Rue<\/span><br \/>\n<span style=\"color: #333333;\"> 58310 St-Amand-en-Puisaye<\/span><br \/>\n<span style=\"color: #333333;\"> 06 50 46 76 25<\/span><br \/>\n<span style=\"color: #333333;\"> <a style=\"color: #333333;\" href=\"mailto:solinepeninon@outlook.com\">solinepeninon@outlook.com<\/a><\/span><br \/>\n<strong>29 <a href=\"https:\/\/www.festivaldeceramique.com\/wp-content\/uploads\/2019\/07\/29-pouplard.jpg\">Pouplard Beno\u00eet<\/a><\/strong><br \/>\n<span style=\"color: #333333;\">7 rue des G\u00e2tines<\/span><br \/>\n<span style=\"color: #333333;\"> 49350 Gennes-Val-de-Loire<\/span><br \/>\n<span style=\"color: #333333;\"> 06 27 28 47 09<\/span><br \/>\n<span style=\"color: #333333;\"> <a style=\"color: #333333;\" href=\"http:\/\/www.benoitpouplard.com\" target=\"_blank\" rel=\"noopener noreferrer\">www.benoitpouplard.com<\/a><\/span><br \/>\n<strong>10 <a href=\"https:\/\/www.festivaldeceramique.com\/wp-content\/uploads\/2019\/07\/10-sonnet.jpg\">Sonnet Nathalie<\/a><\/strong><br \/>\n<span style=\"color: #333333;\">32 rue du G\u00e9n\u00e9ral Leclerc<\/span><br \/>\n<span style=\"color: #333333;\"> 14113 Villerville<\/span><br \/>\n<span style=\"color: #333333;\"> 06 74 68 26 97<\/span><br \/>\n<span style=\"color: #333333;\"> <a style=\"color: #333333;\" href=\"mailto:sonnet14@wanadoo.fr\">sonnet14@wanadoo.fr<\/a><\/span><br \/>\n<strong>12 <a href=\"https:\/\/www.festivaldeceramique.com\/wp-content\/uploads\/2019\/07\/12-tollet-marfisi.jpg\">Tollet Alexandra<\/a><\/strong><br \/>\n<span style=\"color: #333333;\">Saint-Maur-des-Foss\u00e9s<\/span><br \/>\n<span style=\"color: #333333;\"> 06 70 09 51 43<\/span><br \/>\n<span style=\"color: #333333;\"> <a style=\"color: #333333;\" href=\"http:\/\/www.alexandratollet.net\" target=\"_blank\" rel=\"noopener noreferrer\">www.alexandratollet.net<\/a><\/span><br \/>\n<strong>23 <a href=\"https:\/\/www.festivaldeceramique.com\/wp-content\/uploads\/2019\/07\/23-vieljeux.jpg\">Vieljeux Patricia<\/a><\/strong><br \/>\n<span style=\"color: #333333;\">21 rue Godefroy Cavaignac &#8211; 75011 Paris<\/span><br \/>\n<span style=\"color: #333333;\"> 01 46 59 04 10<\/span><br \/>\n<span style=\"color: #333333;\"> <a style=\"color: #333333;\" href=\"http:\/\/www.patriciavieljeux.com\" target=\"_blank\" rel=\"noopener noreferrer\">www.patriciavieljeux.com<\/a><\/span><br \/>\n<strong>20 <a href=\"https:\/\/www.festivaldeceramique.com\/wp-content\/uploads\/2019\/07\/20-von-busse.jpg\">Von&nbsp;Busse Lena<\/a><\/strong><br \/>\n<span style=\"color: #333333;\">10 rue Cote Fangeuse<\/span><br \/>\n<span style=\"color: #333333;\"> 26180 Pont-de-Barret<\/span><br \/>\n<span style=\"color: #333333;\"> 06 45 66 01 61<\/span><br \/>\n<span style=\"color: #333333;\"> <a style=\"color: #333333;\" href=\"http:\/\/www.lenavonbusse.com\" target=\"_blank\" rel=\"noopener noreferrer\">www.lenavonbusse.com<\/a><\/span><br \/>\n<strong>27 <a href=\"https:\/\/www.festivaldeceramique.com\/wp-content\/uploads\/2019\/07\/27-wagner.jpg\">Wagner Magali<\/a><\/strong><br \/>\n<span style=\"color: #333333;\">28\/30 rue Lamartine &#8211; 69003 Lyon<\/span><br \/>\n<span style=\"color: #333333;\"> 06 07 05 20 23<\/span><br \/>\n<span style=\"color: #333333;\"> <a style=\"color: #333333;\" href=\"mailto:wagnerm@free.fr\">wagnerm@free.fr<\/a><\/span><br \/>\n<strong>24 <a href=\"https:\/\/www.festivaldeceramique.com\/wp-content\/uploads\/2019\/07\/24-jense-whitehead.jpg\">Whitehead David<\/a><\/strong><br \/>\n<span style=\"color: #333333;\">Le Point du Jour &#8211; 18250 Henrichemont<\/span><br \/>\n<span style=\"color: #333333;\"> 02 48 26 17 80<\/span><br \/>\n<span style=\"color: #333333;\"> <a style=\"color: #333333;\" href=\"http:\/\/www.laborne.org\/fr\/david-whitehead\/\" target=\"_blank\" rel=\"noopener noreferrer\">www.laborne.org\/fr\/david-whitehead\/<\/a><\/span><br \/>\n<strong>B Les \u00e9ditions Ateliers d\u2019Art de France<\/strong><br \/>\n<span style=\"color: #333333;\">La Revue de la c\u00e9ramique et du verre<\/span><br \/>\n<span style=\"color: #333333;\"> Magazine Ateliers d\u2019Art<\/span><br \/>\n<span style=\"color: #333333;\"> <a style=\"color: #333333;\" href=\"http:\/\/www.editionsateliersdart.com\" target=\"_blank\" rel=\"noopener noreferrer\">www.editionsateliersdart.com<\/a><\/span><br \/>\n<strong>C EMA-CNIFOP<\/strong><br \/>\n<span style=\"color: #333333;\"><a style=\"color: #333333;\" href=\"http:\/\/www.cnifop.com\" target=\"_blank\" rel=\"noopener noreferrer\">www.cnifop.com<\/a><\/span><br \/>\n<strong>D Lyc\u00e9e du Gu\u00e9 \u00e0 Tresmes<\/strong><br \/>\n<span style=\"color: #333333;\"><a style=\"color: #333333;\" href=\"http:\/\/www.gueatresmes.fr\" target=\"_blank\" rel=\"noopener noreferrer\">www.gueatresmes.fr<\/a><\/span><br \/>\n<strong>E Exposition Gravures<\/strong><br \/>\n<span style=\"color: #333333;\"><a style=\"color: #333333;\" href=\"http:\/\/www.latelierdesgarcons.com\" target=\"_blank\" rel=\"noopener noreferrer\">www.latelierdesgarcons.com<\/a><\/span><\/div>\n<p><img decoding=\"async\" src=\"https:\/\/www.festivaldeceramique.com\/wp-content\/uploads\/2019\/02\/plan-exposants-festival-cer.png\"><\/p>\n","protected":false},"excerpt":{"rendered":"<div class=\"mh-excerpt\"><p>Voir le programme 2019 Liste des exposants 2019 3 Acquart-Gensollen Fanny 3 rue Charles Weiss &#8211; 75015 Paris 01 45 32 62 60 www.fannyacquartgensollen.com 8 <a class=\"mh-excerpt-more\" href=\"https:\/\/www.festivaldeceramique.com\/index.php\/editions-precedentes-2\/exposants-2019\/\" title=\"Exposants 2019\">[&#8230;]<\/a><\/p>\n<\/div>","protected":false},"author":1,"featured_media":0,"parent":1018,"menu_order":0,"comment_status":"closed","ping_status":"closed","template":"","meta":{"footnotes":""},"class_list":["post-458","page","type-page","status-publish","hentry"],"_links":{"self":[{"href":"https:\/\/www.festivaldeceramique.com\/index.php\/wp-json\/wp\/v2\/pages\/458","targetHints":{"allow":["GET"]}}],"collection":[{"href":"https:\/\/www.festivaldeceramique.com\/index.php\/wp-json\/wp\/v2\/pages"}],"about":[{"href":"https:\/\/www.festivaldeceramique.com\/index.php\/wp-json\/wp\/v2\/types\/page"}],"author":[{"embeddable":true,"href":"https:\/\/www.festivaldeceramique.com\/index.php\/wp-json\/wp\/v2\/users\/1"}],"replies":[{"embeddable":true,"href":"https:\/\/www.festivaldeceramique.com\/index.php\/wp-json\/wp\/v2\/comments?post=458"}],"version-history":[{"count":36,"href":"https:\/\/www.festivaldeceramique.com\/index.php\/wp-json\/wp\/v2\/pages\/458\/revisions"}],"predecessor-version":[{"id":1101,"href":"https:\/\/www.festivaldeceramique.com\/index.php\/wp-json\/wp\/v2\/pages\/458\/revisions\/1101"}],"up":[{"embeddable":true,"href":"https:\/\/www.festivaldeceramique.com\/index.php\/wp-json\/wp\/v2\/pages\/1018"}],"wp:attachment":[{"href":"https:\/\/www.festivaldeceramique.com\/index.php\/wp-json\/wp\/v2\/media?parent=458"}],"curies":[{"name":"wp","href":"https:\/\/api.w.org\/{rel}","templated":true}]}}