{"id":2356,"date":"2024-02-26T17:12:09","date_gmt":"2024-02-26T16:12:09","guid":{"rendered":"https:\/\/www.festivaldeceramique.com\/?page_id=2356"},"modified":"2024-03-04T11:07:03","modified_gmt":"2024-03-04T10:07:03","slug":"programme-2024","status":"publish","type":"page","link":"https:\/\/www.festivaldeceramique.com\/index.php\/programme-2024\/","title":{"rendered":"Programme 2024"},"content":{"rendered":"\n<p class=\"has-text-align-center has-white-color has-text-color has-medium-font-size\"> * * *<\/p>\n\n\n\n<h4 class=\"wp-block-heading has-very-dark-gray-color has-text-color\">Depuis des mill\u00e9naires l\u2019argile est sortie du champ exclusif de l\u2019art rituel pour gagner aussi celui de la poterie d\u2019usage. Elle est devenue le trait d\u2019union privil\u00e9gi\u00e9 entre le contenant et son contenu, le cru et le cuit, le beau et le bon. Pour sa 17e \u00e9dition, le festival nous convie, par un accent pos\u00e9 entre l\u2019office et la table, \u00e0 prendre part aux inspirations et aux \u00e9changes qui nourrissent et accompagnent nos app\u00e9tits cr\u00e9atifs, individuels ou collaboratifs.<\/h4>\n\n\n\n<h3 class=\"wp-block-heading\"><strong>La c\u00e9ramique aujourd\u2019hui<\/strong><\/h3>\n\n\n\n<p>L\u2019expression c\u00e9ramique est vaste. Entre tradition populaire et cr\u00e9ation contemporaine, le Festival de c\u00e9ramique de Paris 11e s\u2019attache \u00e0 mettre en lumi\u00e8re ses formes multiples, sa diversit\u00e9 d\u2019influences et ses questionnements.<\/p>\n\n\n\n<div class=\"wp-block-columns is-layout-flex wp-container-core-columns-is-layout-9d6595d7 wp-block-columns-is-layout-flex\">\n<div class=\"wp-block-column is-layout-flow wp-block-column-is-layout-flow\">\n<h3 class=\"wp-block-heading\">Vernissage<\/h3>\n\n\n\n<p><strong>Le jeudi 21 mars 2024 de 18h \u00e0 21h<\/strong><br>Un moment chaleureux organis\u00e9 en partenariat avec la Marie du 11e. Le festival transforme la vaste salle Olympe de Gouges en un espace aux merveilles, celles fa\u00e7onn\u00e9es et pr\u00e9sent\u00e9es par les 34 c\u00e9ramistes s\u00e9lectionn\u00e9s.<\/p>\n\n\n\n<h3 class=\"wp-block-heading\">Carte blanche<\/h3>\n\n\n\n<p>Les pi\u00e8ces de <strong>Z\u00e9lie Rouby<\/strong> occupent l\u2019espace de leurs pr\u00e9sences douces, rotondes et vaguement anthropomorphes. D\u2019un registre assez restreint de couleurs, de surfaces et de formes, \u00e9merge une saisissante population d\u2019\u00ab\u00eatres-l\u00e0\u00bb. <br>Ce bestiaire est sobre et facile \u00e0 apprivoiser : formes toutes en courbes moelleuses, \u00e0 la peau douce et lisse sous la main, ou parfois granuleuse. La puret\u00e9 de ces lignes est \u00e0 peine structur\u00e9e par un renflement ici, une ouverture l\u00e0. <br>On dirait que \u00e7a vit\u2026<\/p>\n\n\n\n<figure class=\"wp-block-image size-full\"><img loading=\"lazy\" decoding=\"async\" width=\"310\" height=\"404\" src=\"https:\/\/www.festivaldeceramique.com\/wp-content\/uploads\/2024\/02\/rouby-zelie.jpg\" alt=\"Rouby Z\u00e9lie\" class=\"wp-image-2343\" srcset=\"https:\/\/www.festivaldeceramique.com\/wp-content\/uploads\/2024\/02\/rouby-zelie.jpg 310w, https:\/\/www.festivaldeceramique.com\/wp-content\/uploads\/2024\/02\/rouby-zelie-230x300.jpg 230w\" sizes=\"auto, (max-width: 310px) 100vw, 310px\" \/><figcaption class=\"wp-element-caption\"><em>Z\u00e9lie<\/em> <em>Rouby<\/em><\/figcaption><\/figure>\n\n\n\n<h3 class=\"wp-block-heading\">\u00c0 ton four poti\u00e8re !<br>\u00c0 ton tour marmiton !<\/h3>\n\n\n\n<p>Le festival vous convie \u00e0 sa table, dress\u00e9e de dialogues entre cuisine et atelier. Entre cocottes \u00e0 feux doux et fourneaux de haute temp\u00e9rature, coulis et gla\u00e7ures, bouillons et barbotines, des mains artisanes travaillent de connivence. Bienvenue dans l\u2019antre o\u00f9 tout chuchote et prend forme. Au menu : tables rondes entre cheffes et c\u00e9ramistes, d\u00e9dicaces, contes gourmands, livres choisis et brunch convivial concoct\u00e9 rien que pour vous.<\/p>\n\n\n\n<h3 class=\"wp-block-heading\">Tables rondes<\/h3>\n\n\n\n<p><strong>\u00c0 l\u2019entresol salle de projection<br>Vendredi de 15h \u00e0 16h<br>Manon Fleury et Judith Lasry<br>Samedi de 15h \u00e0 16h<br>\u00c9milie Brichard et Damien Melon<\/strong><\/p>\n\n\n\n<p>L\u2019autrice B\u00e9n\u00e9dicte Bortoli \u00e9change avec deux c\u00e9ramistes, une cheffe et un directeur de restaurant autour de leurs collaborations. Quel dialogue accompagne leur recherche du beau et celle du bon ? Comment les pi\u00e8ces en terre participent elles \u00e0 l\u2019exp\u00e9rience sensorielle et esth\u00e9tique d\u2019un repas ?<\/p>\n\n\n\n<h3 class=\"wp-block-heading\">D\u00e9dicaces<\/h3>\n\n\n\n<p><strong>Sur le stand Terres d\u2019Aligre<\/strong><\/p>\n\n\n\n<p>\u00c0 l\u2019issue des tables rondes B\u00e9n\u00e9dicte Bortoli  \u00e9dicace l\u2019ouvrage C\u00e9ramique &#8211; <em>Le beau, le rare et l\u2019utile<\/em>, qui retrace les recherches de 20 c\u00e9ramistes d\u2019aujourd\u2019hui autour des arts de la table et de l\u2019hospitalit\u00e9.<\/p>\n\n\n\n<h3 class=\"wp-block-heading\">Livres choisis<\/h3>\n\n\n\n<p>La librairie Terres d\u2019Aligre pr\u00e9sente une s\u00e9lection de livres sur la th\u00e9matique de la c\u00e9ramique et des arts culinaires.<\/p>\n\n\n\n<h3 class=\"wp-block-heading\">Atelier enfants<\/h3>\n\n\n\n<p><strong>Samedi et dimanche de 14 h \u00e0 17 h<\/strong><\/p>\n\n\n\n<p>Les enfants pourront mettre les mains dans la terre et s\u2019essayer au modelage lors de l\u2019atelier anim\u00e9 par Anne Basaille sur le parvis. <br>Atelier gratuit sans inscription pr\u00e9alable.<\/p>\n\n\n\n<figure class=\"wp-block-image size-full\"><img loading=\"lazy\" decoding=\"async\" width=\"302\" height=\"264\" src=\"https:\/\/www.festivaldeceramique.com\/wp-content\/uploads\/2024\/02\/atelier-enfants.jpg\" alt=\"\" class=\"wp-image-2381\" srcset=\"https:\/\/www.festivaldeceramique.com\/wp-content\/uploads\/2024\/02\/atelier-enfants.jpg 302w, https:\/\/www.festivaldeceramique.com\/wp-content\/uploads\/2024\/02\/atelier-enfants-300x262.jpg 300w\" sizes=\"auto, (max-width: 302px) 100vw, 302px\" \/><figcaption class=\"wp-element-caption\"><em>Atelier enfants<\/em><\/figcaption><\/figure>\n\n\n\n<h3 class=\"wp-block-heading\">Bouillon et risotto<\/h3>\n\n\n\n<p><strong>Dimanche de 11h30 \u00e0 13h30<\/strong><\/p>\n\n\n\n<p>\u00c0 l\u2019invitation de Terramicales, le duo de potier-cuistot Ben Lignel et Guillaume Granjon revient vous proposer une d\u00e9gustation conviviale.<br>Mijot\u00e9s in situ dans les marmites en gr\u00e8s de Ben, les mets vous seront servis dans les bols fa\u00e7onn\u00e9s sp\u00e9cialement par les \u00e9l\u00e8ves du Gu\u00e9 \u00e0 Tresmes.<\/p>\n\n\n\n<figure class=\"wp-block-image size-full\"><img loading=\"lazy\" decoding=\"async\" width=\"312\" height=\"265\" src=\"https:\/\/www.festivaldeceramique.com\/wp-content\/uploads\/2024\/02\/bouillon-risotto.jpg\" alt=\"\" class=\"wp-image-2388\" srcset=\"https:\/\/www.festivaldeceramique.com\/wp-content\/uploads\/2024\/02\/bouillon-risotto.jpg 312w, https:\/\/www.festivaldeceramique.com\/wp-content\/uploads\/2024\/02\/bouillon-risotto-300x255.jpg 300w\" sizes=\"auto, (max-width: 312px) 100vw, 312px\" \/><figcaption class=\"wp-element-caption\"><em>Bouillon et Risotto<\/em><\/figcaption><\/figure>\n\n\n\n<h3 class=\"wp-block-heading\">Contes<\/h3>\n\n\n\n<p><strong>Dimanche \u00e0 11h30 et \u00e0 14h<\/strong><\/p>\n\n\n\n<p>En guise d\u2019entremet, lors de deux d\u00e9ambulations dans les all\u00e9es du festival, la conteuse Clotilde Lebas d\u00e9roule un conte merveilleux autour \u2013 peut-\u00eatre \u2013 d\u2019une soupe aux cailloux.<\/p>\n\n\n\n<h3 class=\"wp-block-heading\">Action Terramicales<\/h3>\n\n\n\n<p>D\u00e9couverte de la c\u00e9ramique pour une classe de l\u2019\u00e9cole primaire Godefroy Cavaignac \u2013 Paris 11e : visite de l\u2019exposition, conte et atelier de modelage sont propos\u00e9s aux enfants.<br>La cuisson de leurs cr\u00e9ations est ensuite r\u00e9alis\u00e9e au centre Paris Anim\u2019 Mercoeur. Merci \u00e0 la Maison du Potier et au centre d\u2019animation pour leurs contributions.<\/p>\n\n\n\n<h3 class=\"wp-block-heading\">Transmission et partenariat<\/h3>\n\n\n\n<figure class=\"wp-block-image size-full\"><img loading=\"lazy\" decoding=\"async\" width=\"207\" height=\"72\" src=\"https:\/\/www.festivaldeceramique.com\/wp-content\/uploads\/2024\/02\/le-gue-a-tresmes-1.png\" alt=\"\" class=\"wp-image-2392\"\/><\/figure>\n\n\n\n<p>Depuis plusieurs ann\u00e9es le lyc\u00e9e du Gu\u00e9 \u00e0 Tresmes est partenaire du festival, afin de sensibiliser ses \u00e9l\u00e8ves aux enjeux du m\u00e9tier de c\u00e9ramiste. Ils et elles se feront un plaisir de vous accueillir et de vous accompagner durant votre visite.<br>Des tasses con\u00e7ues et fabriqu\u00e9es de leurs mains sont en vente au caf\u00e9 Terramicales.<\/p>\n\n\n\n<h3 class=\"wp-block-heading\">Caf\u00e9 Terramicales<\/h3>\n\n\n<div class=\"wp-block-image\">\n<figure class=\"aligncenter size-full\"><img loading=\"lazy\" decoding=\"async\" width=\"291\" height=\"300\" src=\"https:\/\/www.festivaldeceramique.com\/wp-content\/uploads\/2024\/02\/capuch.jpg\" alt=\"\" class=\"wp-image-2387\"\/><\/figure>\n<\/div>\n\n\n<p>Un espace de convivialit\u00e9 o\u00f9 boire un th\u00e9 ou un caf\u00e9. Avec notre partenaire Capuch\u2019, microtorr\u00e9facteur artisanal de caf\u00e9s de terroir implant\u00e9 \u00e0 Montreuil depuis 2015.<br><a rel=\"noreferrer noopener\" href=\"https:\/\/www.instagram.com\/capuch.cafe93\" target=\"_blank\">capuch.cafe93<\/a><br><a href=\"https:\/\/www.facebook.com\/Capuchmicrotorrefacteur\">Capuchmicrotorrefacteur<\/a><\/p>\n\n\n\n<figure class=\"wp-block-image size-full\"><img loading=\"lazy\" decoding=\"async\" width=\"224\" height=\"125\" src=\"https:\/\/www.festivaldeceramique.com\/wp-content\/uploads\/2023\/03\/logo-capuch-1-e1709027868524.jpg\" alt=\"\" class=\"wp-image-1559\"\/><\/figure>\n\n\n\n<h3 class=\"wp-block-heading\"><br>Tombola<\/h3>\n\n\n\n<p>Achetez vos billets aupr\u00e8s de nos b\u00e9n\u00e9voles, votez pour la c\u00e9ramique de votre choix et si votre ticket est tir\u00e9 au sort, gagnez la pi\u00e8ce pour laquelle vous avez vot\u00e9.<br><strong>Le tirage de la tombola aura lieu le dimanche \u00e0 18h.<\/strong><\/p>\n\n\n\n<p class=\"has-text-align-center has-white-color has-text-color has-link-color wp-elements-aee3263afc04136b537cdf0eef9b7283\"><br>* <strong>*<\/strong> *<\/p>\n<\/div>\n\n\n\n<div class=\"wp-block-column is-layout-flow wp-block-column-is-layout-flow\">\n<h3 class=\"wp-block-heading\">L\u2019\u00e9dition 2024<\/h3>\n\n\n\n<p>Les sculptures de <strong>Michel T\u00e9qui<\/strong> inspir\u00e9es de l\u2019\u00e9rosion des rochers, les objets \u00e9nigmatiques de <strong>C\u00e9cile Bichon<\/strong>, l\u2019utilitaire satin\u00e9 de <strong>Corinne Betton<\/strong> d\u00e9cor\u00e9 au pinceau, les personnages sculpt\u00e9s par <strong>Sophie Gerspacher<\/strong> tels des croquis \u00ab pris sur le vif \u00bb ou les formes \u00e9pur\u00e9es des terres sigill\u00e9es de <strong>Maxime Defer<\/strong> : l\u2019infinie diversit\u00e9 de l\u2019expression c\u00e9ramique est au rendez-vous.<\/p>\n\n\n\n<figure class=\"wp-block-image size-full\"><img loading=\"lazy\" decoding=\"async\" width=\"310\" height=\"310\" src=\"https:\/\/www.festivaldeceramique.com\/wp-content\/uploads\/2024\/02\/sophie-gerspacher.jpg\" alt=\"Sophie Gerspacher\" class=\"wp-image-2350\" srcset=\"https:\/\/www.festivaldeceramique.com\/wp-content\/uploads\/2024\/02\/sophie-gerspacher.jpg 310w, https:\/\/www.festivaldeceramique.com\/wp-content\/uploads\/2024\/02\/sophie-gerspacher-300x300.jpg 300w, https:\/\/www.festivaldeceramique.com\/wp-content\/uploads\/2024\/02\/sophie-gerspacher-150x150.jpg 150w\" sizes=\"auto, (max-width: 310px) 100vw, 310px\" \/><figcaption class=\"wp-element-caption\"><em>Sophie Gerspacher<\/em><\/figcaption><\/figure>\n\n\n\n<figure class=\"wp-block-image size-full\"><img loading=\"lazy\" decoding=\"async\" width=\"370\" height=\"300\" src=\"https:\/\/www.festivaldeceramique.com\/wp-content\/uploads\/2024\/02\/louise-defente.jpg\" alt=\"Louise Defente\" class=\"wp-image-2349\" srcset=\"https:\/\/www.festivaldeceramique.com\/wp-content\/uploads\/2024\/02\/louise-defente.jpg 370w, https:\/\/www.festivaldeceramique.com\/wp-content\/uploads\/2024\/02\/louise-defente-300x243.jpg 300w\" sizes=\"auto, (max-width: 370px) 100vw, 370px\" \/><figcaption class=\"wp-element-caption\"><em>Louise Defente<\/em><\/figcaption><\/figure>\n\n\n\n<figure class=\"wp-block-image size-full\"><img loading=\"lazy\" decoding=\"async\" width=\"310\" height=\"290\" src=\"https:\/\/www.festivaldeceramique.com\/wp-content\/uploads\/2024\/02\/michel-tequi.jpg\" alt=\"Michel Tequi\" class=\"wp-image-2351\" srcset=\"https:\/\/www.festivaldeceramique.com\/wp-content\/uploads\/2024\/02\/michel-tequi.jpg 310w, https:\/\/www.festivaldeceramique.com\/wp-content\/uploads\/2024\/02\/michel-tequi-300x281.jpg 300w\" sizes=\"auto, (max-width: 310px) 100vw, 310px\" \/><figcaption class=\"wp-element-caption\"><em>Michel Tequi<\/em><\/figcaption><\/figure>\n\n\n\n<figure class=\"wp-block-image size-full\"><img loading=\"lazy\" decoding=\"async\" width=\"310\" height=\"292\" src=\"https:\/\/www.festivaldeceramique.com\/wp-content\/uploads\/2024\/02\/cecile-bichon.jpg\" alt=\"C\u00e9cile Bichon\" class=\"wp-image-2348\" srcset=\"https:\/\/www.festivaldeceramique.com\/wp-content\/uploads\/2024\/02\/cecile-bichon.jpg 310w, https:\/\/www.festivaldeceramique.com\/wp-content\/uploads\/2024\/02\/cecile-bichon-300x283.jpg 300w\" sizes=\"auto, (max-width: 310px) 100vw, 310px\" \/><figcaption class=\"wp-element-caption\"><em>C\u00e9cile Bichon<\/em><\/figcaption><\/figure>\n\n\n\n<figure class=\"wp-block-image size-full\"><img loading=\"lazy\" decoding=\"async\" width=\"310\" height=\"295\" src=\"https:\/\/www.festivaldeceramique.com\/wp-content\/uploads\/2024\/02\/maxime-defer.jpg\" alt=\"Maxime Defer\" class=\"wp-image-2347\" srcset=\"https:\/\/www.festivaldeceramique.com\/wp-content\/uploads\/2024\/02\/maxime-defer.jpg 310w, https:\/\/www.festivaldeceramique.com\/wp-content\/uploads\/2024\/02\/maxime-defer-300x285.jpg 300w\" sizes=\"auto, (max-width: 310px) 100vw, 310px\" \/><figcaption class=\"wp-element-caption\"><em>Maxime Defer<\/em><\/figcaption><\/figure>\n\n\n\n<figure class=\"wp-block-image size-full\"><img loading=\"lazy\" decoding=\"async\" width=\"364\" height=\"232\" src=\"https:\/\/www.festivaldeceramique.com\/wp-content\/uploads\/2024\/02\/corinne-betton.jpg\" alt=\"Corinne Betton\" class=\"wp-image-2346\" srcset=\"https:\/\/www.festivaldeceramique.com\/wp-content\/uploads\/2024\/02\/corinne-betton.jpg 364w, https:\/\/www.festivaldeceramique.com\/wp-content\/uploads\/2024\/02\/corinne-betton-300x191.jpg 300w\" sizes=\"auto, (max-width: 364px) 100vw, 364px\" \/><figcaption class=\"wp-element-caption\"><em>Corinne Betton<\/em><\/figcaption><\/figure>\n\n\n\n<h3 class=\"wp-block-heading\">La part est belle<br>pour les jeunes c\u00e9ramistes<\/h3>\n\n\n\n<p>Parmi les talents \u00e9mergents \u00e0 d\u00e9couvrir cette ann\u00e9e : les \u0153uvres joyeuses et d\u00e9lur\u00e9es de <strong>Pascale Robert<\/strong>, les pots de <strong>Julie Cornette<\/strong> aux textures \u00e9voquant les traces de la nature, les sculptures intrigantes de <strong>Le\u00efla Helmstetter<\/strong>, les gr\u00e8s au d\u00e9cor spontan\u00e9 de <strong>Sara Iskander<\/strong>, ou ceux de <strong>Florence Lucchini<\/strong> inspir\u00e9s d\u2019un monde min\u00e9ral et rugueux\u2026<\/p>\n\n\n\n<figure class=\"wp-block-image size-full\"><img loading=\"lazy\" decoding=\"async\" width=\"310\" height=\"311\" src=\"https:\/\/www.festivaldeceramique.com\/wp-content\/uploads\/2024\/02\/julie-cornette.jpg\" alt=\"\" class=\"wp-image-2352\" srcset=\"https:\/\/www.festivaldeceramique.com\/wp-content\/uploads\/2024\/02\/julie-cornette.jpg 310w, https:\/\/www.festivaldeceramique.com\/wp-content\/uploads\/2024\/02\/julie-cornette-300x300.jpg 300w, https:\/\/www.festivaldeceramique.com\/wp-content\/uploads\/2024\/02\/julie-cornette-150x150.jpg 150w\" sizes=\"auto, (max-width: 310px) 100vw, 310px\" \/><figcaption class=\"wp-element-caption\"><em>Julie Cornette<\/em><\/figcaption><\/figure>\n\n\n\n<figure class=\"wp-block-image size-full\"><img loading=\"lazy\" decoding=\"async\" width=\"272\" height=\"430\" src=\"https:\/\/www.festivaldeceramique.com\/wp-content\/uploads\/2024\/02\/leila-helmstetter.jpg\" alt=\"Leila Helmstetter\" class=\"wp-image-2345\" srcset=\"https:\/\/www.festivaldeceramique.com\/wp-content\/uploads\/2024\/02\/leila-helmstetter.jpg 272w, https:\/\/www.festivaldeceramique.com\/wp-content\/uploads\/2024\/02\/leila-helmstetter-190x300.jpg 190w\" sizes=\"auto, (max-width: 272px) 100vw, 272px\" \/><figcaption class=\"wp-element-caption\"><em>Leila Helmstetter<\/em><\/figcaption><\/figure>\n\n\n\n<figure class=\"wp-block-image size-full\"><img loading=\"lazy\" decoding=\"async\" width=\"300\" height=\"306\" src=\"https:\/\/www.festivaldeceramique.com\/wp-content\/uploads\/2024\/02\/sara-iskander-assiette.jpg\" alt=\"\" class=\"wp-image-2444\" srcset=\"https:\/\/www.festivaldeceramique.com\/wp-content\/uploads\/2024\/02\/sara-iskander-assiette.jpg 300w, https:\/\/www.festivaldeceramique.com\/wp-content\/uploads\/2024\/02\/sara-iskander-assiette-294x300.jpg 294w\" sizes=\"auto, (max-width: 300px) 100vw, 300px\" \/><figcaption class=\"wp-element-caption\"><em>Sara Iskander<\/em><\/figcaption><\/figure>\n\n\n\n<figure class=\"wp-block-image size-full\"><img loading=\"lazy\" decoding=\"async\" width=\"310\" height=\"300\" src=\"https:\/\/www.festivaldeceramique.com\/wp-content\/uploads\/2024\/02\/sara-iskander.jpg\" alt=\"Sara Iskander\" class=\"wp-image-2344\" srcset=\"https:\/\/www.festivaldeceramique.com\/wp-content\/uploads\/2024\/02\/sara-iskander.jpg 310w, https:\/\/www.festivaldeceramique.com\/wp-content\/uploads\/2024\/02\/sara-iskander-300x290.jpg 300w\" sizes=\"auto, (max-width: 310px) 100vw, 310px\" \/><figcaption class=\"wp-element-caption\"><em>Florence Lucchini<\/em><\/figcaption><\/figure>\n\n\n\n<p class=\"has-text-align-center has-white-color has-text-color has-link-color wp-elements-30a23272485c0634e9095be06652e6bd\">* <strong>*<\/strong> *<\/p>\n\n\n\n<p><em>L\u2019association Terramicales organisatrice du festival depuis 2007 est aid\u00e9e par de nombreux b\u00e9n\u00e9voles ; notamment des stagiaires \u00e9l\u00e8ves du lyc\u00e9e du Gu\u00e9 \u00e0 Tresmes ainsi que d\u2019autres \u00e9coles et ateliers de c\u00e9ramique. Un grand merci \u00e0 toutes et tous.<\/em><\/p>\n<\/div>\n<\/div>\n","protected":false},"excerpt":{"rendered":"<div class=\"mh-excerpt\"><p>* * * Depuis des mill\u00e9naires l\u2019argile est sortie du champ exclusif de l\u2019art rituel pour gagner aussi celui de la poterie d\u2019usage. Elle est <a class=\"mh-excerpt-more\" href=\"https:\/\/www.festivaldeceramique.com\/index.php\/programme-2024\/\" title=\"Programme 2024\">[&#8230;]<\/a><\/p>\n<\/div>","protected":false},"author":1,"featured_media":0,"parent":0,"menu_order":0,"comment_status":"closed","ping_status":"closed","template":"","meta":{"footnotes":""},"class_list":["post-2356","page","type-page","status-publish","hentry"],"_links":{"self":[{"href":"https:\/\/www.festivaldeceramique.com\/index.php\/wp-json\/wp\/v2\/pages\/2356","targetHints":{"allow":["GET"]}}],"collection":[{"href":"https:\/\/www.festivaldeceramique.com\/index.php\/wp-json\/wp\/v2\/pages"}],"about":[{"href":"https:\/\/www.festivaldeceramique.com\/index.php\/wp-json\/wp\/v2\/types\/page"}],"author":[{"embeddable":true,"href":"https:\/\/www.festivaldeceramique.com\/index.php\/wp-json\/wp\/v2\/users\/1"}],"replies":[{"embeddable":true,"href":"https:\/\/www.festivaldeceramique.com\/index.php\/wp-json\/wp\/v2\/comments?post=2356"}],"version-history":[{"count":38,"href":"https:\/\/www.festivaldeceramique.com\/index.php\/wp-json\/wp\/v2\/pages\/2356\/revisions"}],"predecessor-version":[{"id":5339,"href":"https:\/\/www.festivaldeceramique.com\/index.php\/wp-json\/wp\/v2\/pages\/2356\/revisions\/5339"}],"wp:attachment":[{"href":"https:\/\/www.festivaldeceramique.com\/index.php\/wp-json\/wp\/v2\/media?parent=2356"}],"curies":[{"name":"wp","href":"https:\/\/api.w.org\/{rel}","templated":true}]}}